{"id":4609,"date":"2022-06-02T09:33:55","date_gmt":"2022-06-02T09:33:55","guid":{"rendered":"https:\/\/www.enabel.be\/?page_id=4609"},"modified":"2022-10-19T12:25:55","modified_gmt":"2022-10-19T12:25:55","slug":"news-evenements","status":"publish","type":"page","link":"https:\/\/enabel.lademo.be\/fr\/news-evenements\/","title":{"rendered":"Actualit\u00e9s &#038; \u00e9v\u00e9nements"},"content":{"rendered":"<header class=\"header--big relative flex align-center items-center min-h-[50vh] mt-[115px]\">\n\t<div class=\"z-20 container grid grid-cols-12\">\n\t\t<div class=\"z-30 relative col-span-12 md:col-span-8 col-start-1 md:col-start-3 text-center text-white\">\n\t\t\t\t\t\t<h1 data-aos=\"fade-up mb-0\">Actualit\u00e9s, \u00e9v\u00e9nements &#038; ressources<\/h1>\n\t\t\t\t\t<\/div>\n\t<\/div>\n\t\t\t\t\t\t\t<img loading=\"lazy\" decoding=\"async\" width=\"1358\" height=\"500\" src=\"https:\/\/enabel.lademo.be\/app\/uploads\/2022\/06\/Rectangle460.jpg\" class=\"z-0 absolute inset-0 w-full h-full object-cover object-top wp-post-image\" alt=\"\" srcset=\"https:\/\/enabel.lademo.be\/app\/uploads\/2022\/06\/Rectangle460.jpg 1358w, https:\/\/enabel.lademo.be\/app\/uploads\/2022\/06\/Rectangle460-300x110.jpg 300w, https:\/\/enabel.lademo.be\/app\/uploads\/2022\/06\/Rectangle460-1024x377.jpg 1024w, https:\/\/enabel.lademo.be\/app\/uploads\/2022\/06\/Rectangle460-768x283.jpg 768w\" sizes=\"auto, (max-width: 1358px) 100vw, 1358px\" \/>\n\t\t\t\t\t<div class=\"scroll rellax\" data-rellax-percentage=\"0.5\" data-rellax-speed=\"-1.5\">\n\t\t<p>\n\t\t\tScroll\n\t\t<\/p>\n\t<\/div>\n<\/header>\n\n<section class=\"section--text-center mx-auto bg-greylight\">\n    <div class=\"container items-center grid-flow-row-dense grid-cols-12 lg:grid\">\n        <div class=\"relative text-center z-1 lg:col-start-2 lg:col-span-10\">\n            <p>Contactez nous via : <span class=\"text-primary-500\"><a href=\"mailto:info@enabel.be\">info@enabel.be<\/a><\/span><\/p>\n\n        <\/div>\n    <\/div>\n<\/section>\n\n\n<section class=\"section--all-news mx-auto bg-greylight\" id=\"news\" data-post-id=\"4609\">\n    <div class=\"container grid grid-cols-12 md:gap-8\">\n        <div class=\"col-span-12\">\n            <form role=\"search\" method=\"get\" class=\"max-w-full search-form\" id=\"news-filter-form\" action=\"https:\/\/enabel.lademo.be\/fr\/news-evenements\/#news\">\n\n                \n                <div class=\"flex flex-wrap items-center justify-center gap-2 mb-6 news-filter-active-badges hidden\" data-badges-wrapper>\n                    <div class=\"contents\" data-badges-list>\n                                            <\/div>\n\n                    <a href=\"https:\/\/enabel.lademo.be\/fr\/news-evenements\/#news\" class=\"ml-2 text-sm font-medium text-black hover:text-primary transition-colors\" data-reset-filters>\n                        Reset filters\n                    <\/a>\n                <\/div>\n\n                \n                <div class=\"grid grid-cols-1 md:grid-cols-2 lg:grid-cols-4 gap-4 mb-6 news-filter-bar w-full\">\n                    <div class=\"relative news-filter-dropdown normal-case w-full\" data-dropdown=\"type\">\n    <label class=\"block mb-1.5 text-sm font-bold normal-case tracking-wider text-dark text-center\">\n        Type\n    <\/label>\n\n    <button type=\"button\" class=\"news-filter-dropdown__trigger w-full flex items-center justify-between px-4 py-2.5 bg-white border border-primary-500 rounded-md text-sm font-medium text-dark hover:bg-gray-50 focus:outline-none\" data-default-label=\"S\u00e9lectionner Type\" aria-expanded=\"false\">\n        <span class=\"truncate pr-2\">\n            S\u00e9lectionner Type\n        <\/span>\n        <i class=\"ml-2 text-sm transition-transform duration-200 fa-solid fa-chevron-down flex-shrink-0\" aria-hidden=\"true\"><\/i>\n    <\/button>\n\n    <div class=\"news-filter-dropdown__menu hidden absolute left-0 right-0 z-30 w-full mt-2 bg-white border border-gray-200 rounded-md shadow-lg max-h-60 overflow-y-auto p-3\">\n                    <label class=\"flex items-center px-2 py-1.5 rounded cursor-pointer text-sm text-dark font-normal hover:bg-greylight transition-colors normal-case\">\n                <input type=\"checkbox\" name=\"in_category[]\" value=\"actualites\"  class=\"w-4 h-4 text-primary-500 focus:ring-0 focus:ring-offset-0 checked:bg-primary-500 checked:border-primary-500 rounded border-gray-300 mr-2.5 mb-0 cursor-pointer\">\n                <span>Actualit\u00e9s<\/span>\n            <\/label>\n                    <label class=\"flex items-center px-2 py-1.5 rounded cursor-pointer text-sm text-dark font-normal hover:bg-greylight transition-colors normal-case\">\n                <input type=\"checkbox\" name=\"in_category[]\" value=\"evenements\"  class=\"w-4 h-4 text-primary-500 focus:ring-0 focus:ring-offset-0 checked:bg-primary-500 checked:border-primary-500 rounded border-gray-300 mr-2.5 mb-0 cursor-pointer\">\n                <span>Ev\u00e9nements<\/span>\n            <\/label>\n                    <label class=\"flex items-center px-2 py-1.5 rounded cursor-pointer text-sm text-dark font-normal hover:bg-greylight transition-colors normal-case\">\n                <input type=\"checkbox\" name=\"in_category[]\" value=\"ressources\"  class=\"w-4 h-4 text-primary-500 focus:ring-0 focus:ring-offset-0 checked:bg-primary-500 checked:border-primary-500 rounded border-gray-300 mr-2.5 mb-0 cursor-pointer\">\n                <span>Ressources<\/span>\n            <\/label>\n            <\/div>\n<\/div>\n                    <div class=\"relative news-filter-dropdown normal-case w-full\" data-dropdown=\"expertise\">\n    <label class=\"block mb-1.5 text-sm font-bold normal-case tracking-wider text-dark text-center\">\n        Expertise\n    <\/label>\n\n    <button type=\"button\" class=\"news-filter-dropdown__trigger w-full flex items-center justify-between px-4 py-2.5 bg-white border border-primary-500 rounded-md text-sm font-medium text-dark hover:bg-gray-50 focus:outline-none\" data-default-label=\"S\u00e9lectionner Expertise\" aria-expanded=\"false\">\n        <span class=\"truncate pr-2\">\n            S\u00e9lectionner Expertise\n        <\/span>\n        <i class=\"ml-2 text-sm transition-transform duration-200 fa-solid fa-chevron-down flex-shrink-0\" aria-hidden=\"true\"><\/i>\n    <\/button>\n\n    <div class=\"news-filter-dropdown__menu hidden absolute left-0 right-0 z-30 w-full mt-2 bg-white border border-gray-200 rounded-md shadow-lg max-h-60 overflow-y-auto p-3\">\n                    <label class=\"flex items-center px-2 py-1.5 rounded cursor-pointer text-sm text-dark font-normal hover:bg-greylight transition-colors normal-case\">\n                <input type=\"checkbox\" name=\"in_expertise[]\" value=\"climat\"  class=\"w-4 h-4 text-primary-500 focus:ring-0 focus:ring-offset-0 checked:bg-primary-500 checked:border-primary-500 rounded border-gray-300 mr-2.5 mb-0 cursor-pointer\">\n                <span>Climat<\/span>\n            <\/label>\n                    <label class=\"flex items-center px-2 py-1.5 rounded cursor-pointer text-sm text-dark font-normal hover:bg-greylight transition-colors normal-case\">\n                <input type=\"checkbox\" name=\"in_expertise[]\" value=\"innovative-hub\"  class=\"w-4 h-4 text-primary-500 focus:ring-0 focus:ring-offset-0 checked:bg-primary-500 checked:border-primary-500 rounded border-gray-300 mr-2.5 mb-0 cursor-pointer\">\n                <span>Innovative Hub<\/span>\n            <\/label>\n                    <label class=\"flex items-center px-2 py-1.5 rounded cursor-pointer text-sm text-dark font-normal hover:bg-greylight transition-colors normal-case\">\n                <input type=\"checkbox\" name=\"in_expertise[]\" value=\"junior\"  class=\"w-4 h-4 text-primary-500 focus:ring-0 focus:ring-offset-0 checked:bg-primary-500 checked:border-primary-500 rounded border-gray-300 mr-2.5 mb-0 cursor-pointer\">\n                <span>Junior<\/span>\n            <\/label>\n            <\/div>\n<\/div>\n                    <div class=\"relative news-filter-dropdown normal-case w-full\" data-dropdown=\"country\">\n    <label class=\"block mb-1.5 text-sm font-bold normal-case tracking-wider text-dark text-center\">\n        Pays\n    <\/label>\n\n    <button type=\"button\" class=\"news-filter-dropdown__trigger w-full flex items-center justify-between px-4 py-2.5 bg-white border border-primary-500 rounded-md text-sm font-medium text-dark hover:bg-gray-50 focus:outline-none\" data-default-label=\"S\u00e9lectionner Pays\" aria-expanded=\"false\">\n        <span class=\"truncate pr-2\">\n            S\u00e9lectionner Pays\n        <\/span>\n        <i class=\"ml-2 text-sm transition-transform duration-200 fa-solid fa-chevron-down flex-shrink-0\" aria-hidden=\"true\"><\/i>\n    <\/button>\n\n    <div class=\"news-filter-dropdown__menu hidden absolute left-0 right-0 z-30 w-full mt-2 bg-white border border-gray-200 rounded-md shadow-lg max-h-60 overflow-y-auto p-3\">\n                    <label class=\"flex items-center px-2 py-1.5 rounded cursor-pointer text-sm text-dark font-normal hover:bg-greylight transition-colors normal-case\">\n                <input type=\"checkbox\" name=\"in_country[]\" value=\"1701\"  class=\"w-4 h-4 text-primary-500 focus:ring-0 focus:ring-offset-0 checked:bg-primary-500 checked:border-primary-500 rounded border-gray-300 mr-2.5 mb-0 cursor-pointer\">\n                <span>Belgique<\/span>\n            <\/label>\n                    <label class=\"flex items-center px-2 py-1.5 rounded cursor-pointer text-sm text-dark font-normal hover:bg-greylight transition-colors normal-case\">\n                <input type=\"checkbox\" name=\"in_country[]\" value=\"1710\"  class=\"w-4 h-4 text-primary-500 focus:ring-0 focus:ring-offset-0 checked:bg-primary-500 checked:border-primary-500 rounded border-gray-300 mr-2.5 mb-0 cursor-pointer\">\n                <span>B\u00e9nin<\/span>\n            <\/label>\n                    <label class=\"flex items-center px-2 py-1.5 rounded cursor-pointer text-sm text-dark font-normal hover:bg-greylight transition-colors normal-case\">\n                <input type=\"checkbox\" name=\"in_country[]\" value=\"1726\"  class=\"w-4 h-4 text-primary-500 focus:ring-0 focus:ring-offset-0 checked:bg-primary-500 checked:border-primary-500 rounded border-gray-300 mr-2.5 mb-0 cursor-pointer\">\n                <span>Burkina Faso<\/span>\n            <\/label>\n                    <label class=\"flex items-center px-2 py-1.5 rounded cursor-pointer text-sm text-dark font-normal hover:bg-greylight transition-colors normal-case\">\n                <input type=\"checkbox\" name=\"in_country[]\" value=\"1735\"  class=\"w-4 h-4 text-primary-500 focus:ring-0 focus:ring-offset-0 checked:bg-primary-500 checked:border-primary-500 rounded border-gray-300 mr-2.5 mb-0 cursor-pointer\">\n                <span>Burundi<\/span>\n            <\/label>\n                    <label class=\"flex items-center px-2 py-1.5 rounded cursor-pointer text-sm text-dark font-normal hover:bg-greylight transition-colors normal-case\">\n                <input type=\"checkbox\" name=\"in_country[]\" value=\"1902\"  class=\"w-4 h-4 text-primary-500 focus:ring-0 focus:ring-offset-0 checked:bg-primary-500 checked:border-primary-500 rounded border-gray-300 mr-2.5 mb-0 cursor-pointer\">\n                <span>Guin\u00e9e<\/span>\n            <\/label>\n                    <label class=\"flex items-center px-2 py-1.5 rounded cursor-pointer text-sm text-dark font-normal hover:bg-greylight transition-colors normal-case\">\n                <input type=\"checkbox\" name=\"in_country[]\" value=\"7323\"  class=\"w-4 h-4 text-primary-500 focus:ring-0 focus:ring-offset-0 checked:bg-primary-500 checked:border-primary-500 rounded border-gray-300 mr-2.5 mb-0 cursor-pointer\">\n                <span>Jordanie<\/span>\n            <\/label>\n                    <label class=\"flex items-center px-2 py-1.5 rounded cursor-pointer text-sm text-dark font-normal hover:bg-greylight transition-colors normal-case\">\n                <input type=\"checkbox\" name=\"in_country[]\" value=\"1977\"  class=\"w-4 h-4 text-primary-500 focus:ring-0 focus:ring-offset-0 checked:bg-primary-500 checked:border-primary-500 rounded border-gray-300 mr-2.5 mb-0 cursor-pointer\">\n                <span>Mali<\/span>\n            <\/label>\n                    <label class=\"flex items-center px-2 py-1.5 rounded cursor-pointer text-sm text-dark font-normal hover:bg-greylight transition-colors normal-case\">\n                <input type=\"checkbox\" name=\"in_country[]\" value=\"2157\"  class=\"w-4 h-4 text-primary-500 focus:ring-0 focus:ring-offset-0 checked:bg-primary-500 checked:border-primary-500 rounded border-gray-300 mr-2.5 mb-0 cursor-pointer\">\n                <span>Maroc<\/span>\n            <\/label>\n                    <label class=\"flex items-center px-2 py-1.5 rounded cursor-pointer text-sm text-dark font-normal hover:bg-greylight transition-colors normal-case\">\n                <input type=\"checkbox\" name=\"in_country[]\" value=\"1982\"  class=\"w-4 h-4 text-primary-500 focus:ring-0 focus:ring-offset-0 checked:bg-primary-500 checked:border-primary-500 rounded border-gray-300 mr-2.5 mb-0 cursor-pointer\">\n                <span>Mauritanie<\/span>\n            <\/label>\n                    <label class=\"flex items-center px-2 py-1.5 rounded cursor-pointer text-sm text-dark font-normal hover:bg-greylight transition-colors normal-case\">\n                <input type=\"checkbox\" name=\"in_country[]\" value=\"9032\"  class=\"w-4 h-4 text-primary-500 focus:ring-0 focus:ring-offset-0 checked:bg-primary-500 checked:border-primary-500 rounded border-gray-300 mr-2.5 mb-0 cursor-pointer\">\n                <span>Mozambique<\/span>\n            <\/label>\n                    <label class=\"flex items-center px-2 py-1.5 rounded cursor-pointer text-sm text-dark font-normal hover:bg-greylight transition-colors normal-case\">\n                <input type=\"checkbox\" name=\"in_country[]\" value=\"2165\"  class=\"w-4 h-4 text-primary-500 focus:ring-0 focus:ring-offset-0 checked:bg-primary-500 checked:border-primary-500 rounded border-gray-300 mr-2.5 mb-0 cursor-pointer\">\n                <span>Niger<\/span>\n            <\/label>\n                    <label class=\"flex items-center px-2 py-1.5 rounded cursor-pointer text-sm text-dark font-normal hover:bg-greylight transition-colors normal-case\">\n                <input type=\"checkbox\" name=\"in_country[]\" value=\"8006\"  class=\"w-4 h-4 text-primary-500 focus:ring-0 focus:ring-offset-0 checked:bg-primary-500 checked:border-primary-500 rounded border-gray-300 mr-2.5 mb-0 cursor-pointer\">\n                <span>Ouganda<\/span>\n            <\/label>\n                    <label class=\"flex items-center px-2 py-1.5 rounded cursor-pointer text-sm text-dark font-normal hover:bg-greylight transition-colors normal-case\">\n                <input type=\"checkbox\" name=\"in_country[]\" value=\"2306\"  class=\"w-4 h-4 text-primary-500 focus:ring-0 focus:ring-offset-0 checked:bg-primary-500 checked:border-primary-500 rounded border-gray-300 mr-2.5 mb-0 cursor-pointer\">\n                <span>Palestine<\/span>\n            <\/label>\n                    <label class=\"flex items-center px-2 py-1.5 rounded cursor-pointer text-sm text-dark font-normal hover:bg-greylight transition-colors normal-case\">\n                <input type=\"checkbox\" name=\"in_country[]\" value=\"1876\"  class=\"w-4 h-4 text-primary-500 focus:ring-0 focus:ring-offset-0 checked:bg-primary-500 checked:border-primary-500 rounded border-gray-300 mr-2.5 mb-0 cursor-pointer\">\n                <span>RD Congo<\/span>\n            <\/label>\n                    <label class=\"flex items-center px-2 py-1.5 rounded cursor-pointer text-sm text-dark font-normal hover:bg-greylight transition-colors normal-case\">\n                <input type=\"checkbox\" name=\"in_country[]\" value=\"1861\"  class=\"w-4 h-4 text-primary-500 focus:ring-0 focus:ring-offset-0 checked:bg-primary-500 checked:border-primary-500 rounded border-gray-300 mr-2.5 mb-0 cursor-pointer\">\n                <span>R\u00e9publique Centrafricaine<\/span>\n            <\/label>\n                    <label class=\"flex items-center px-2 py-1.5 rounded cursor-pointer text-sm text-dark font-normal hover:bg-greylight transition-colors normal-case\">\n                <input type=\"checkbox\" name=\"in_country[]\" value=\"7710\"  class=\"w-4 h-4 text-primary-500 focus:ring-0 focus:ring-offset-0 checked:bg-primary-500 checked:border-primary-500 rounded border-gray-300 mr-2.5 mb-0 cursor-pointer\">\n                <span>Rwanda<\/span>\n            <\/label>\n                    <label class=\"flex items-center px-2 py-1.5 rounded cursor-pointer text-sm text-dark font-normal hover:bg-greylight transition-colors normal-case\">\n                <input type=\"checkbox\" name=\"in_country[]\" value=\"2003\"  class=\"w-4 h-4 text-primary-500 focus:ring-0 focus:ring-offset-0 checked:bg-primary-500 checked:border-primary-500 rounded border-gray-300 mr-2.5 mb-0 cursor-pointer\">\n                <span>S\u00e9n\u00e9gal<\/span>\n            <\/label>\n                    <label class=\"flex items-center px-2 py-1.5 rounded cursor-pointer text-sm text-dark font-normal hover:bg-greylight transition-colors normal-case\">\n                <input type=\"checkbox\" name=\"in_country[]\" value=\"2316\"  class=\"w-4 h-4 text-primary-500 focus:ring-0 focus:ring-offset-0 checked:bg-primary-500 checked:border-primary-500 rounded border-gray-300 mr-2.5 mb-0 cursor-pointer\">\n                <span>Tanzanie<\/span>\n            <\/label>\n            <\/div>\n<\/div>\n                    <div class=\"relative news-filter-dropdown normal-case w-full\" data-dropdown=\"year\">\n    <label class=\"block mb-1.5 text-sm font-bold normal-case tracking-wider text-dark text-center\">\n        Ann\u00e9e\n    <\/label>\n\n    <button type=\"button\" class=\"news-filter-dropdown__trigger w-full flex items-center justify-between px-4 py-2.5 bg-white border border-primary-500 rounded-md text-sm font-medium text-dark hover:bg-gray-50 focus:outline-none\" data-default-label=\"S\u00e9lectionner Ann\u00e9e\" aria-expanded=\"false\">\n        <span class=\"truncate pr-2\">\n            S\u00e9lectionner Ann\u00e9e\n        <\/span>\n        <i class=\"ml-2 text-sm transition-transform duration-200 fa-solid fa-chevron-down flex-shrink-0\" aria-hidden=\"true\"><\/i>\n    <\/button>\n\n    <div class=\"news-filter-dropdown__menu hidden absolute left-0 right-0 z-30 w-full mt-2 bg-white border border-gray-200 rounded-md shadow-lg max-h-60 overflow-y-auto p-3\">\n                    <label class=\"flex items-center px-2 py-1.5 rounded cursor-pointer text-sm text-dark font-normal hover:bg-greylight transition-colors normal-case\">\n                <input type=\"checkbox\" name=\"in_year[]\" value=\"2026\"  class=\"w-4 h-4 text-primary-500 focus:ring-0 focus:ring-offset-0 checked:bg-primary-500 checked:border-primary-500 rounded border-gray-300 mr-2.5 mb-0 cursor-pointer\">\n                <span>2026<\/span>\n            <\/label>\n                    <label class=\"flex items-center px-2 py-1.5 rounded cursor-pointer text-sm text-dark font-normal hover:bg-greylight transition-colors normal-case\">\n                <input type=\"checkbox\" name=\"in_year[]\" value=\"2025\"  class=\"w-4 h-4 text-primary-500 focus:ring-0 focus:ring-offset-0 checked:bg-primary-500 checked:border-primary-500 rounded border-gray-300 mr-2.5 mb-0 cursor-pointer\">\n                <span>2025<\/span>\n            <\/label>\n                    <label class=\"flex items-center px-2 py-1.5 rounded cursor-pointer text-sm text-dark font-normal hover:bg-greylight transition-colors normal-case\">\n                <input type=\"checkbox\" name=\"in_year[]\" value=\"2024\"  class=\"w-4 h-4 text-primary-500 focus:ring-0 focus:ring-offset-0 checked:bg-primary-500 checked:border-primary-500 rounded border-gray-300 mr-2.5 mb-0 cursor-pointer\">\n                <span>2024<\/span>\n            <\/label>\n                    <label class=\"flex items-center px-2 py-1.5 rounded cursor-pointer text-sm text-dark font-normal hover:bg-greylight transition-colors normal-case\">\n                <input type=\"checkbox\" name=\"in_year[]\" value=\"2023\"  class=\"w-4 h-4 text-primary-500 focus:ring-0 focus:ring-offset-0 checked:bg-primary-500 checked:border-primary-500 rounded border-gray-300 mr-2.5 mb-0 cursor-pointer\">\n                <span>2023<\/span>\n            <\/label>\n                    <label class=\"flex items-center px-2 py-1.5 rounded cursor-pointer text-sm text-dark font-normal hover:bg-greylight transition-colors normal-case\">\n                <input type=\"checkbox\" name=\"in_year[]\" value=\"2022\"  class=\"w-4 h-4 text-primary-500 focus:ring-0 focus:ring-offset-0 checked:bg-primary-500 checked:border-primary-500 rounded border-gray-300 mr-2.5 mb-0 cursor-pointer\">\n                <span>2022<\/span>\n            <\/label>\n                    <label class=\"flex items-center px-2 py-1.5 rounded cursor-pointer text-sm text-dark font-normal hover:bg-greylight transition-colors normal-case\">\n                <input type=\"checkbox\" name=\"in_year[]\" value=\"2021\"  class=\"w-4 h-4 text-primary-500 focus:ring-0 focus:ring-offset-0 checked:bg-primary-500 checked:border-primary-500 rounded border-gray-300 mr-2.5 mb-0 cursor-pointer\">\n                <span>2021<\/span>\n            <\/label>\n            <\/div>\n<\/div>                <\/div>\n\n                \n                <div class=\"flex justify-center mt-6 news-filter-submit\">\n                    <a href=\"#\" class=\"btn-primary card--animation\" >\n\t\t<span>Filtrer<\/span>\n\t<\/a>\n                <\/div>\n\n            <\/form>\n        <\/div>\n    <\/div>\n\n    \n    <div class=\"container grid grid-cols-1 md:gap-8 mt-10 md:grid-cols-2 lg:grid-cols-3 container--news\" data-news-grid>\n        <a\n    href=\"https:\/\/enabel.lademo.be\/fr\/la-protection-sociale-en-sante-accessible-aux-pays-a-faible-revenu\/\"\n    class=\"has-cursor card--news | font-normal group text-inherit bg-white no-underline  col-auto \"\n>\n    <div class=\"news__top relative block min-h-[270px] h-[270px] max-h-[270px] overflow-hidden\">\n        <img loading=\"lazy\" decoding=\"async\" width=\"2362\" height=\"1151\" src=\"https:\/\/enabel.lademo.be\/app\/uploads\/2022\/10\/Conf-Niger.jpg\" class=\"w-full h-full object-cover object-center relative z-10 group-hover:bg-white wp-post-image\" alt=\"\" srcset=\"https:\/\/enabel.lademo.be\/app\/uploads\/2022\/10\/Conf-Niger.jpg 2362w, https:\/\/enabel.lademo.be\/app\/uploads\/2022\/10\/Conf-Niger-300x146.jpg 300w, https:\/\/enabel.lademo.be\/app\/uploads\/2022\/10\/Conf-Niger-1024x499.jpg 1024w, https:\/\/enabel.lademo.be\/app\/uploads\/2022\/10\/Conf-Niger-768x374.jpg 768w, https:\/\/enabel.lademo.be\/app\/uploads\/2022\/10\/Conf-Niger-1536x748.jpg 1536w, https:\/\/enabel.lademo.be\/app\/uploads\/2022\/10\/Conf-Niger-2048x998.jpg 2048w\" sizes=\"auto, (max-width: 2362px) 100vw, 2362px\" \/>\n        \n                    <span class=\"btn btn-little | top-[24px] left-[24px] z-20\">Ev\u00e9nements<\/span>\n            <\/div>\n    <div class=\"px-6 pt-6 pb-10 news__botton\">\n                    <p class=\"text-sm text-gray-500 news__date\">\n                17 octobre 2022\n            <\/p>\n                <p class=\"h5\">La protection sociale en sant\u00e9 accessible aux pays \u00e0 faible revenu<\/p>\n        <p class=\"text-sm text-gray-500 excerpt\">Tous les pays du monde se trouvent confront\u00e9s au d\u00e9fi majeur de prot\u00e9ger leurs populations contre les maladies. Mais comment organiser cette protection sociale\u2009? Par o\u00f9 commencer\u2009?<\/p>\n    <\/div>\n            <p class=\"news__more | text-primary-500 font-medium font-semibold mb-0 flex items-center\">\n            En savoir plus\n            <i class=\"ml-1 fa-light fa-arrow-right-long\"><\/i>\n        <\/p>\n    <\/a>                    <a\n    href=\"https:\/\/enabel.lademo.be\/fr\/quelles-sont-les-formes-dengagement-prises-par-les-jeunes-actuellement\/\"\n    class=\"has-cursor card--news | font-normal group text-inherit bg-white no-underline  col-auto \"\n>\n    <div class=\"news__top relative block min-h-[270px] h-[270px] max-h-[270px] overflow-hidden\">\n        <img loading=\"lazy\" decoding=\"async\" width=\"1920\" height=\"920\" src=\"https:\/\/enabel.lademo.be\/app\/uploads\/2022\/10\/4_Filtre_25.jpg\" class=\"w-full h-full object-cover object-center relative z-10 group-hover:bg-white wp-post-image\" alt=\"young people doing volunteer work\" srcset=\"https:\/\/enabel.lademo.be\/app\/uploads\/2022\/10\/4_Filtre_25.jpg 1920w, https:\/\/enabel.lademo.be\/app\/uploads\/2022\/10\/4_Filtre_25-300x144.jpg 300w, https:\/\/enabel.lademo.be\/app\/uploads\/2022\/10\/4_Filtre_25-1024x491.jpg 1024w, https:\/\/enabel.lademo.be\/app\/uploads\/2022\/10\/4_Filtre_25-768x368.jpg 768w, https:\/\/enabel.lademo.be\/app\/uploads\/2022\/10\/4_Filtre_25-1536x736.jpg 1536w\" sizes=\"auto, (max-width: 1920px) 100vw, 1920px\" \/>\n        \n                    <span class=\"btn btn-little | top-[24px] left-[24px] z-20\">Actualit\u00e9s<\/span>\n            <\/div>\n    <div class=\"px-6 pt-6 pb-10 news__botton\">\n                    <p class=\"text-sm text-gray-500 news__date\">\n                17 octobre 2022\n            <\/p>\n                <p class=\"h5\">Quelles sont les formes d\u2019engagement prises par les jeunes actuellement\u2009?<\/p>\n        <p class=\"text-sm text-gray-500 excerpt\">Enabel a engag\u00e9 un d\u00e9bat avec plusieurs jeunes belges \u00e2g\u00e9\u00b7es de 15 \u00e0 19 ans sur leur engagement social. Ces t\u00e9moignages ont \u00e9t\u00e9 int\u00e9gr\u00e9s \u00e0\u00a0 un rapport d\u2019\u00e9tude \u00a0et enregistr\u00e9s sous forme de 6 podcasts, dans lesquels nous nous sommes entretenu\u00b7es avec 3 jeunes francophones et 3 n\u00e9erlandophones afin de conna\u00eetre leur vision sur le fait de jouer un r\u00f4le actif au sein de la soci\u00e9t\u00e9.<\/p>\n    <\/div>\n            <p class=\"news__more | text-primary-500 font-medium font-semibold mb-0 flex items-center\">\n            En savoir plus\n            <i class=\"ml-1 fa-light fa-arrow-right-long\"><\/i>\n        <\/p>\n    <\/a>                    <a\n    href=\"https:\/\/enabel.lademo.be\/fr\/et-si-votre-passage-aux-toilettes-generait-de-lenergie\/\"\n    class=\"has-cursor card--news | font-normal group text-inherit bg-white no-underline  col-auto \"\n>\n    <div class=\"news__top relative block min-h-[270px] h-[270px] max-h-[270px] overflow-hidden\">\n        <img loading=\"lazy\" decoding=\"async\" width=\"1344\" height=\"644\" src=\"https:\/\/enabel.lademo.be\/app\/uploads\/2022\/10\/sequence_01.00_01_29_19.still005-1.jpg\" class=\"w-full h-full object-cover object-center relative z-10 group-hover:bg-white wp-post-image\" alt=\"a portable toilet in mbuji mayi, congo\" srcset=\"https:\/\/enabel.lademo.be\/app\/uploads\/2022\/10\/sequence_01.00_01_29_19.still005-1.jpg 1344w, https:\/\/enabel.lademo.be\/app\/uploads\/2022\/10\/sequence_01.00_01_29_19.still005-1-300x144.jpg 300w, https:\/\/enabel.lademo.be\/app\/uploads\/2022\/10\/sequence_01.00_01_29_19.still005-1-1024x491.jpg 1024w, https:\/\/enabel.lademo.be\/app\/uploads\/2022\/10\/sequence_01.00_01_29_19.still005-1-768x368.jpg 768w\" sizes=\"auto, (max-width: 1344px) 100vw, 1344px\" \/>\n        \n                    <span class=\"btn btn-little | top-[24px] left-[24px] z-20\">Actualit\u00e9s<\/span>\n            <\/div>\n    <div class=\"px-6 pt-6 pb-10 news__botton\">\n                    <p class=\"text-sm text-gray-500 news__date\">\n                7 octobre 2022\n            <\/p>\n                <p class=\"h5\">Et si votre passage aux toilettes g\u00e9n\u00e9rait de l\u2019\u00e9nergie\u2009?<\/p>\n        <p class=\"text-sm text-gray-500 excerpt\">Enabel lance un projet pilote dans la m\u00e9tropole de Mbuji-Mayi en R\u00e9publique d\u00e9mocratique du Congo pour produire de l\u2019\u00e9nergie \u00e0 partir d\u2019excr\u00e9ments humains.<\/p>\n    <\/div>\n            <p class=\"news__more | text-primary-500 font-medium font-semibold mb-0 flex items-center\">\n            En savoir plus\n            <i class=\"ml-1 fa-light fa-arrow-right-long\"><\/i>\n        <\/p>\n    <\/a>                    <a\n    href=\"https:\/\/enabel.lademo.be\/fr\/interview-avec-jean-van-wetter-delphine-moralis\/\"\n    class=\"has-cursor card--news | font-normal group text-inherit bg-white no-underline  col-auto \"\n>\n    <div class=\"news__top relative block min-h-[270px] h-[270px] max-h-[270px] overflow-hidden\">\n        <img loading=\"lazy\" decoding=\"async\" width=\"800\" height=\"533\" src=\"https:\/\/enabel.lademo.be\/app\/uploads\/2022\/10\/IMG_2658_CROP_800X533px.jpg\" class=\"w-full h-full object-cover object-center relative z-10 group-hover:bg-white wp-post-image\" alt=\"Jean van Wetter &amp; Delphine Moralis\" srcset=\"https:\/\/enabel.lademo.be\/app\/uploads\/2022\/10\/IMG_2658_CROP_800X533px.jpg 800w, https:\/\/enabel.lademo.be\/app\/uploads\/2022\/10\/IMG_2658_CROP_800X533px-300x200.jpg 300w, https:\/\/enabel.lademo.be\/app\/uploads\/2022\/10\/IMG_2658_CROP_800X533px-768x512.jpg 768w\" sizes=\"auto, (max-width: 800px) 100vw, 800px\" \/>\n        \n                    <span class=\"btn btn-little | top-[24px] left-[24px] z-20\">Actualit\u00e9s<\/span>\n            <\/div>\n    <div class=\"px-6 pt-6 pb-10 news__botton\">\n                    <p class=\"text-sm text-gray-500 news__date\">\n                6 octobre 2022\n            <\/p>\n                <p class=\"h5\">Interview avec Jean van Wetter &#038; Delphine Moralis<\/p>\n        <p class=\"text-sm text-gray-500 excerpt\">Entretien avec Delphine Moralis (pr\u00e9sidente du conseil d&rsquo;administration) et Jean Van Wetter (directeur g\u00e9n\u00e9ral) chez Enabel<\/p>\n    <\/div>\n            <p class=\"news__more | text-primary-500 font-medium font-semibold mb-0 flex items-center\">\n            En savoir plus\n            <i class=\"ml-1 fa-light fa-arrow-right-long\"><\/i>\n        <\/p>\n    <\/a>                    <a\n    href=\"https:\/\/enabel.lademo.be\/fr\/aider-les-gens-a-etre-meilleurs-dans-leur-travail\/\"\n    class=\"has-cursor card--news | font-normal group text-inherit bg-white no-underline  col-auto \"\n>\n    <div class=\"news__top relative block min-h-[270px] h-[270px] max-h-[270px] overflow-hidden\">\n        <img loading=\"lazy\" decoding=\"async\" width=\"1920\" height=\"920\" src=\"https:\/\/enabel.lademo.be\/app\/uploads\/2022\/10\/1900X950px_Stories_Uganda_02_2018.jpg\" class=\"w-full h-full object-cover object-center relative z-10 group-hover:bg-white wp-post-image\" alt=\"doctor talking with a nurse\" srcset=\"https:\/\/enabel.lademo.be\/app\/uploads\/2022\/10\/1900X950px_Stories_Uganda_02_2018.jpg 1920w, https:\/\/enabel.lademo.be\/app\/uploads\/2022\/10\/1900X950px_Stories_Uganda_02_2018-300x144.jpg 300w, https:\/\/enabel.lademo.be\/app\/uploads\/2022\/10\/1900X950px_Stories_Uganda_02_2018-1024x491.jpg 1024w, https:\/\/enabel.lademo.be\/app\/uploads\/2022\/10\/1900X950px_Stories_Uganda_02_2018-768x368.jpg 768w, https:\/\/enabel.lademo.be\/app\/uploads\/2022\/10\/1900X950px_Stories_Uganda_02_2018-1536x736.jpg 1536w\" sizes=\"auto, (max-width: 1920px) 100vw, 1920px\" \/>\n        \n                    <span class=\"btn btn-little | top-[24px] left-[24px] z-20\">Actualit\u00e9s<\/span>\n            <\/div>\n    <div class=\"px-6 pt-6 pb-10 news__botton\">\n                    <p class=\"text-sm text-gray-500 news__date\">\n                6 octobre 2022\n            <\/p>\n                <p class=\"h5\">Aider les gens \u00e0 \u00eatre meilleurs\u00a0dans leur travail<\/p>\n        <p class=\"text-sm text-gray-500 excerpt\">Une forte pression, de bas salaires et un manque d\u2019opportunit\u00e9s d\u2019apprentissage continu se soldent par une perte de motivation du personnel. <\/p>\n    <\/div>\n            <p class=\"news__more | text-primary-500 font-medium font-semibold mb-0 flex items-center\">\n            En savoir plus\n            <i class=\"ml-1 fa-light fa-arrow-right-long\"><\/i>\n        <\/p>\n    <\/a>                    <a\n    href=\"https:\/\/enabel.lademo.be\/fr\/rapport-dactivites-2021-2022-avant-propos-ministre-kitir\/\"\n    class=\"has-cursor card--news | font-normal group text-inherit bg-white no-underline  col-auto \"\n>\n    <div class=\"news__top relative block min-h-[270px] h-[270px] max-h-[270px] overflow-hidden\">\n        <img loading=\"lazy\" decoding=\"async\" width=\"800\" height=\"533\" src=\"https:\/\/enabel.lademo.be\/app\/uploads\/2022\/10\/Meryame_Kitir_0168_800X533px_RGB.jpg\" class=\"w-full h-full object-cover object-center relative z-10 group-hover:bg-white wp-post-image\" alt=\"meryame kitir\" srcset=\"https:\/\/enabel.lademo.be\/app\/uploads\/2022\/10\/Meryame_Kitir_0168_800X533px_RGB.jpg 800w, https:\/\/enabel.lademo.be\/app\/uploads\/2022\/10\/Meryame_Kitir_0168_800X533px_RGB-300x200.jpg 300w, https:\/\/enabel.lademo.be\/app\/uploads\/2022\/10\/Meryame_Kitir_0168_800X533px_RGB-768x512.jpg 768w\" sizes=\"auto, (max-width: 800px) 100vw, 800px\" \/>\n        \n                    <span class=\"btn btn-little | top-[24px] left-[24px] z-20\">Actualit\u00e9s<\/span>\n            <\/div>\n    <div class=\"px-6 pt-6 pb-10 news__botton\">\n                    <p class=\"text-sm text-gray-500 news__date\">\n                6 octobre 2022\n            <\/p>\n                <p class=\"h5\">Rapport d&rsquo;activit\u00e9s 2021-2022 &#8211; Avant-propos Ministre Kitir<\/p>\n        <p class=\"text-sm text-gray-500 excerpt\">Quiconque est actif dans la coop\u00e9ration au d\u00e9veloppement s\u2019investit au quotidien dans la r\u00e9alisation de la solidarit\u00e9 internationale en dotant les personnes des moyens d\u2019agir et de se construire elles-m\u00eames un avenir. Telle est notre mission.<\/p>\n    <\/div>\n            <p class=\"news__more | text-primary-500 font-medium font-semibold mb-0 flex items-center\">\n            En savoir plus\n            <i class=\"ml-1 fa-light fa-arrow-right-long\"><\/i>\n        <\/p>\n    <\/a>                    <a\n    href=\"https:\/\/enabel.lademo.be\/fr\/brochure-programme-de-cooperation-gouvernementale-guinee-belgique-2019-2023\/\"\n    class=\"has-cursor card--news | font-normal group text-inherit bg-white no-underline  col-auto \"\n>\n    <div class=\"news__top relative block min-h-[270px] h-[270px] max-h-[270px] overflow-hidden\">\n        <img loading=\"lazy\" decoding=\"async\" width=\"906\" height=\"590\" src=\"https:\/\/enabel.lademo.be\/app\/uploads\/2022\/10\/guinee-brochure.jpg\" class=\"w-full h-full object-cover object-center relative z-10 group-hover:bg-white wp-post-image\" alt=\"\" srcset=\"https:\/\/enabel.lademo.be\/app\/uploads\/2022\/10\/guinee-brochure.jpg 906w, https:\/\/enabel.lademo.be\/app\/uploads\/2022\/10\/guinee-brochure-300x195.jpg 300w, https:\/\/enabel.lademo.be\/app\/uploads\/2022\/10\/guinee-brochure-768x500.jpg 768w\" sizes=\"auto, (max-width: 906px) 100vw, 906px\" \/>\n        \n                    <span class=\"btn btn-little | top-[24px] left-[24px] z-20\">Ressources<\/span>\n            <\/div>\n    <div class=\"px-6 pt-6 pb-10 news__botton\">\n                    <p class=\"text-sm text-gray-500 news__date\">\n                4 octobre 2022\n            <\/p>\n                <p class=\"h5\">Brochure : programme de coop\u00e9ration gouvernementale Guin\u00e9e &#8211; Belgique 2019-2023<\/p>\n        <p class=\"text-sm text-gray-500 excerpt\">La Guin\u00e9e est un pays partenaire de la coop\u00e9ration gouvernementale belge depuis 2015.<\/p>\n    <\/div>\n            <p class=\"news__more | text-primary-500 font-medium font-semibold mb-0 flex items-center\">\n            En savoir plus\n            <i class=\"ml-1 fa-light fa-arrow-right-long\"><\/i>\n        <\/p>\n    <\/a>                    <a\n    href=\"https:\/\/enabel.lademo.be\/fr\/promouvoir-lenseignement-et-lapprentissage\/\"\n    class=\"has-cursor card--news | font-normal group text-inherit bg-white no-underline  col-auto \"\n>\n    <div class=\"news__top relative block min-h-[270px] h-[270px] max-h-[270px] overflow-hidden\">\n        <img loading=\"lazy\" decoding=\"async\" width=\"1920\" height=\"920\" src=\"https:\/\/enabel.lademo.be\/app\/uploads\/2022\/10\/ATL_1.jpg\" class=\"w-full h-full object-cover object-center relative z-10 group-hover:bg-white wp-post-image\" alt=\"students in Uganda sitting around a table working as a group to solve a problem.\" srcset=\"https:\/\/enabel.lademo.be\/app\/uploads\/2022\/10\/ATL_1.jpg 1920w, https:\/\/enabel.lademo.be\/app\/uploads\/2022\/10\/ATL_1-300x144.jpg 300w, https:\/\/enabel.lademo.be\/app\/uploads\/2022\/10\/ATL_1-1024x491.jpg 1024w, https:\/\/enabel.lademo.be\/app\/uploads\/2022\/10\/ATL_1-768x368.jpg 768w, https:\/\/enabel.lademo.be\/app\/uploads\/2022\/10\/ATL_1-1536x736.jpg 1536w\" sizes=\"auto, (max-width: 1920px) 100vw, 1920px\" \/>\n        \n                    <span class=\"btn btn-little | top-[24px] left-[24px] z-20\">Actualit\u00e9s<\/span>\n            <\/div>\n    <div class=\"px-6 pt-6 pb-10 news__botton\">\n                    <p class=\"text-sm text-gray-500 news__date\">\n                4 octobre 2022\n            <\/p>\n                <p class=\"h5\">Promouvoir l\u2019enseignement et l\u2019apprentissage<\/p>\n        <p class=\"text-sm text-gray-500 excerpt\">\u00a0Les nouvelles m\u00e9thodes p\u00e9dagogiques\u00a0 combin\u00e9es \u00e0 la cr\u00e9ation d&rsquo;environnements d&rsquo;apprentissage stimulants sont d&rsquo;une grande importance pour la qualit\u00e9 de l&rsquo;\u00e9ducation.<\/p>\n    <\/div>\n            <p class=\"news__more | text-primary-500 font-medium font-semibold mb-0 flex items-center\">\n            En savoir plus\n            <i class=\"ml-1 fa-light fa-arrow-right-long\"><\/i>\n        <\/p>\n    <\/a>                    <a\n    href=\"https:\/\/enabel.lademo.be\/fr\/ponts-voutes-en-maconnerie-en-tanzanie%ef%bf%bc\/\"\n    class=\"has-cursor card--news | font-normal group text-inherit bg-white no-underline  col-auto \"\n>\n    <div class=\"news__top relative block min-h-[270px] h-[270px] max-h-[270px] overflow-hidden\">\n        <img loading=\"lazy\" decoding=\"async\" width=\"1920\" height=\"920\" src=\"https:\/\/enabel.lademo.be\/app\/uploads\/2022\/10\/stonebridge.jpg\" class=\"w-full h-full object-cover object-center relative z-10 group-hover:bg-white wp-post-image\" alt=\"\" srcset=\"https:\/\/enabel.lademo.be\/app\/uploads\/2022\/10\/stonebridge.jpg 1920w, https:\/\/enabel.lademo.be\/app\/uploads\/2022\/10\/stonebridge-300x144.jpg 300w, https:\/\/enabel.lademo.be\/app\/uploads\/2022\/10\/stonebridge-1024x491.jpg 1024w, https:\/\/enabel.lademo.be\/app\/uploads\/2022\/10\/stonebridge-768x368.jpg 768w, https:\/\/enabel.lademo.be\/app\/uploads\/2022\/10\/stonebridge-1536x736.jpg 1536w\" sizes=\"auto, (max-width: 1920px) 100vw, 1920px\" \/>\n        \n                    <span class=\"btn btn-little | top-[24px] left-[24px] z-20\">Actualit\u00e9s<\/span>\n            <\/div>\n    <div class=\"px-6 pt-6 pb-10 news__botton\">\n                    <p class=\"text-sm text-gray-500 news__date\">\n                3 octobre 2022\n            <\/p>\n                <p class=\"h5\">Ponts vo\u00fbt\u00e9s en ma\u00e7onnerie en Tanzanie\ufffc<\/p>\n        <p class=\"text-sm text-gray-500 excerpt\">L\u2019acc\u00e8s des communaut\u00e9s rurales aux \u00e9coles, h\u00f4pitaux et march\u00e9s ainsi qu\u2019\u00e0 leurs emplois d\u00e9pend de la possibilit\u00e9 de traverser des rivi\u00e8res dangereuses. Aussi, une travers\u00e9e s\u00fbre, tout au long de l\u2019ann\u00e9e, sur un pont en arc de pierre constitue l\u2019un des fondements du d\u00e9veloppement durable.<\/p>\n    <\/div>\n            <p class=\"news__more | text-primary-500 font-medium font-semibold mb-0 flex items-center\">\n            En savoir plus\n            <i class=\"ml-1 fa-light fa-arrow-right-long\"><\/i>\n        <\/p>\n    <\/a>                    <a\n    href=\"https:\/\/enabel.lademo.be\/fr\/healthcare-coming-your-way\/\"\n    class=\"has-cursor card--news | font-normal group text-inherit bg-white no-underline  col-auto \"\n>\n    <div class=\"news__top relative block min-h-[270px] h-[270px] max-h-[270px] overflow-hidden\">\n        <img loading=\"lazy\" decoding=\"async\" width=\"2000\" height=\"1333\" src=\"https:\/\/enabel.lademo.be\/app\/uploads\/2022\/10\/enabel-niger-16x.jpg\" class=\"w-full h-full object-cover object-center relative z-10 group-hover:bg-white wp-post-image\" alt=\"Health worker checking medical supplies in an ambulance while female patient with infant awaits.\" srcset=\"https:\/\/enabel.lademo.be\/app\/uploads\/2022\/10\/enabel-niger-16x.jpg 2000w, https:\/\/enabel.lademo.be\/app\/uploads\/2022\/10\/enabel-niger-16x-300x200.jpg 300w, https:\/\/enabel.lademo.be\/app\/uploads\/2022\/10\/enabel-niger-16x-1024x682.jpg 1024w, https:\/\/enabel.lademo.be\/app\/uploads\/2022\/10\/enabel-niger-16x-768x512.jpg 768w, https:\/\/enabel.lademo.be\/app\/uploads\/2022\/10\/enabel-niger-16x-1536x1024.jpg 1536w\" sizes=\"auto, (max-width: 2000px) 100vw, 2000px\" \/>\n        \n                    <span class=\"btn btn-little | top-[24px] left-[24px] z-20\">Actualit\u00e9s<\/span>\n            <\/div>\n    <div class=\"px-6 pt-6 pb-10 news__botton\">\n                    <p class=\"text-sm text-gray-500 news__date\">\n                2 octobre 2022\n            <\/p>\n                <p class=\"h5\">Les soins de sant\u00e9, \u00e0 la rencontre des populations<\/p>\n        <p class=\"text-sm text-gray-500 excerpt\">Au Niger, de nombreuses personnes vivent dans des zones recul\u00e9es et par cons\u00e9quent dangereuses. La route vers le centre de sant\u00e9 le plus proche \u00e9tant souvent tr\u00e8s longue, elles ne s\u2019y rendent pas facilement. Pour y rem\u00e9dier, Enabel a \u00e9labor\u00e9 une solution avec ses partenaires nig\u00e9riens. <\/p>\n    <\/div>\n            <p class=\"news__more | text-primary-500 font-medium font-semibold mb-0 flex items-center\">\n            En savoir plus\n            <i class=\"ml-1 fa-light fa-arrow-right-long\"><\/i>\n        <\/p>\n    <\/a>                    <a\n    href=\"https:\/\/enabel.lademo.be\/fr\/poser-les-bases-dune-architecture-durable\/\"\n    class=\"has-cursor card--news | font-normal group text-inherit bg-white no-underline  col-auto \"\n>\n    <div class=\"news__top relative block min-h-[270px] h-[270px] max-h-[270px] overflow-hidden\">\n        <img loading=\"lazy\" decoding=\"async\" width=\"2560\" height=\"1707\" src=\"https:\/\/enabel.lademo.be\/app\/uploads\/2022\/10\/4K3A6051-Copy-scaled.jpg\" class=\"w-full h-full object-cover object-center relative z-10 group-hover:bg-white wp-post-image\" alt=\"\" srcset=\"https:\/\/enabel.lademo.be\/app\/uploads\/2022\/10\/4K3A6051-Copy-scaled.jpg 2560w, https:\/\/enabel.lademo.be\/app\/uploads\/2022\/10\/4K3A6051-Copy-300x200.jpg 300w, https:\/\/enabel.lademo.be\/app\/uploads\/2022\/10\/4K3A6051-Copy-1024x683.jpg 1024w, https:\/\/enabel.lademo.be\/app\/uploads\/2022\/10\/4K3A6051-Copy-768x512.jpg 768w, https:\/\/enabel.lademo.be\/app\/uploads\/2022\/10\/4K3A6051-Copy-1536x1024.jpg 1536w, https:\/\/enabel.lademo.be\/app\/uploads\/2022\/10\/4K3A6051-Copy-2048x1365.jpg 2048w\" sizes=\"auto, (max-width: 2560px) 100vw, 2560px\" \/>\n        \n                    <span class=\"btn btn-little | top-[24px] left-[24px] z-20\">Actualit\u00e9s<\/span>\n            <\/div>\n    <div class=\"px-6 pt-6 pb-10 news__botton\">\n                    <p class=\"text-sm text-gray-500 news__date\">\n                30 septembre 2022\n            <\/p>\n                <p class=\"h5\">Poser les bases d&rsquo;une architecture durable<\/p>\n        <p class=\"text-sm text-gray-500 excerpt\">Elodie Deprez et Karine Guillevic travaillent sur des projets diff\u00e9rents dans des pays diff\u00e9rents. Il existe n\u00e9anmoins un d\u00e9nominateur commun \u00e0 leurs activit\u00e9s : la promotion d\u2019une architecture durable et la mise en place de mesures concr\u00e8tes pour en \u00e9largir l\u2019attrait.<\/p>\n    <\/div>\n            <p class=\"news__more | text-primary-500 font-medium font-semibold mb-0 flex items-center\">\n            En savoir plus\n            <i class=\"ml-1 fa-light fa-arrow-right-long\"><\/i>\n        <\/p>\n    <\/a>                    <a\n    href=\"https:\/\/enabel.lademo.be\/fr\/covid-19-et-vaccination-en-afrique\/\"\n    class=\"has-cursor card--news | font-normal group text-inherit bg-white no-underline  col-auto \"\n>\n    <div class=\"news__top relative block min-h-[270px] h-[270px] max-h-[270px] overflow-hidden\">\n        <img loading=\"lazy\" decoding=\"async\" width=\"800\" height=\"533\" src=\"https:\/\/enabel.lademo.be\/app\/uploads\/2022\/09\/MicrosoftTeams-image-1_0.jpg\" class=\"w-full h-full object-cover object-center relative z-10 group-hover:bg-white wp-post-image\" alt=\"two enabel experts from Brussels\" srcset=\"https:\/\/enabel.lademo.be\/app\/uploads\/2022\/09\/MicrosoftTeams-image-1_0.jpg 800w, https:\/\/enabel.lademo.be\/app\/uploads\/2022\/09\/MicrosoftTeams-image-1_0-300x200.jpg 300w, https:\/\/enabel.lademo.be\/app\/uploads\/2022\/09\/MicrosoftTeams-image-1_0-768x512.jpg 768w\" sizes=\"auto, (max-width: 800px) 100vw, 800px\" \/>\n        \n                    <span class=\"btn btn-little | top-[24px] left-[24px] z-20\">Actualit\u00e9s<\/span>\n            <\/div>\n    <div class=\"px-6 pt-6 pb-10 news__botton\">\n                    <p class=\"text-sm text-gray-500 news__date\">\n                30 septembre 2022\n            <\/p>\n                <p class=\"h5\">Covid-19 et vaccination en Afrique<\/p>\n        <p class=\"text-sm text-gray-500 excerpt\">Si l\u2019aide d\u2019urgence \u00e0 la vaccination est aujourd\u2019hui une priorit\u00e9 pour l\u2019action des agences de coop\u00e9ration europ\u00e9ennes, elle s\u2019accompagne d\u00e9j\u00e0 de la pose des premiers jalons vers une future autosuffisance vaccinale et sanitaire. Un effort international dans lequel la Belgique entend bien jouer un r\u00f4le.<\/p>\n    <\/div>\n            <p class=\"news__more | text-primary-500 font-medium font-semibold mb-0 flex items-center\">\n            En savoir plus\n            <i class=\"ml-1 fa-light fa-arrow-right-long\"><\/i>\n        <\/p>\n    <\/a>            <\/div>\n\n    \n    <div class=\"container mx-auto\">\n        <div class=\"custom-pagination | mt-10 flex items-center justify-center text-gray-500 col-span-12\" data-news-pagination>\n            <div class=\"grid grid-cols-[1fr_auto_1fr] items-center w-full\">\n        \n        <div class=\"justify-self-start\">\n                    <\/div>\n\n        \n        <div class=\"justify-self-center flex flex-wrap items-center gap-2\">\n                                            <span aria-current=\"page\" class=\"page-numbers current\">1<\/span>\n                                            <a class=\"page-numbers\" href=\"https:\/\/enabel.lademo.be\/fr\/news-evenements\/?paged=2#news\">2<\/a>\n                                            <a class=\"page-numbers hidden md:inline-flex\" href=\"https:\/\/enabel.lademo.be\/fr\/news-evenements\/?paged=3#news\">3<\/a>\n                                            <a class=\"page-numbers\" href=\"https:\/\/enabel.lademo.be\/fr\/news-evenements\/?paged=4#news\">4<\/a>\n                    <\/div>\n\n        \n        <div class=\"justify-self-end\">\n                            <a class=\"next page-numbers\" href=\"https:\/\/enabel.lademo.be\/fr\/news-evenements\/?paged=2#news\"><span class=\"menu-md\"><i class=\"fa-arrow-right fa-light ml-3\" aria-hidden=\"true\"><\/i><\/span><\/a>\n                    <\/div>\n    <\/div>\n        <\/div>\n    <\/div>\n<\/section>","protected":false},"excerpt":{"rendered":"","protected":false},"author":3,"featured_media":931,"parent":0,"menu_order":0,"comment_status":"closed","ping_status":"closed","template":"","meta":{"_acf_changed":false,"footnotes":""},"class_list":["post-4609","page","type-page","status-publish","has-post-thumbnail","hentry"],"yoast_head":"<!-- This site is optimized with the Yoast SEO plugin v27.7 - https:\/\/yoast.com\/product\/yoast-seo-wordpress\/ -->\n<title>Actualit\u00e9s &amp; \u00e9v\u00e9nements - Enabel<\/title>\n<meta name=\"description\" content=\"Suivi des derniers \u00e9v\u00e8nements, actualit\u00e9s et ressources publi\u00e9s par Enabel.\" \/>\n<meta name=\"robots\" content=\"index, follow, max-snippet:-1, max-image-preview:large, max-video-preview:-1\" \/>\n<link rel=\"canonical\" href=\"https:\/\/enabel.lademo.be\/fr\/news-evenements\/\" \/>\n<meta property=\"og:locale\" content=\"fr_FR\" \/>\n<meta property=\"og:type\" content=\"article\" \/>\n<meta property=\"og:title\" content=\"Actualit\u00e9s &amp; \u00e9v\u00e9nements - Enabel\" \/>\n<meta property=\"og:description\" content=\"Suivi des derniers \u00e9v\u00e8nements, actualit\u00e9s et ressources publi\u00e9s par Enabel.\" \/>\n<meta property=\"og:url\" content=\"https:\/\/enabel.lademo.be\/fr\/news-evenements\/\" \/>\n<meta property=\"og:site_name\" content=\"Enabel\" \/>\n<meta property=\"article:publisher\" content=\"https:\/\/www.facebook.com\/EnabelBelgium\/\" \/>\n<meta property=\"article:modified_time\" content=\"2022-10-19T12:25:55+00:00\" \/>\n<meta property=\"og:image\" content=\"http:\/\/enabel.lademo.be\/app\/uploads\/2022\/06\/Rectangle460.jpg\" \/>\n\t<meta property=\"og:image:width\" content=\"1358\" \/>\n\t<meta property=\"og:image:height\" content=\"500\" \/>\n\t<meta property=\"og:image:type\" content=\"image\/jpeg\" \/>\n<meta name=\"twitter:card\" content=\"summary_large_image\" \/>\n<meta name=\"twitter:site\" content=\"@Enabel_Belgium\" \/>\n<script type=\"application\/ld+json\" class=\"yoast-schema-graph\">{\"@context\":\"https:\\\/\\\/schema.org\",\"@graph\":[{\"@type\":\"WebPage\",\"@id\":\"https:\\\/\\\/enabel.lademo.be\\\/fr\\\/news-evenements\\\/\",\"url\":\"https:\\\/\\\/enabel.lademo.be\\\/fr\\\/news-evenements\\\/\",\"name\":\"Actualit\u00e9s & \u00e9v\u00e9nements - Enabel\",\"isPartOf\":{\"@id\":\"https:\\\/\\\/enabel.lademo.be\\\/fr\\\/#website\"},\"primaryImageOfPage\":{\"@id\":\"https:\\\/\\\/enabel.lademo.be\\\/fr\\\/news-evenements\\\/#primaryimage\"},\"image\":{\"@id\":\"https:\\\/\\\/enabel.lademo.be\\\/fr\\\/news-evenements\\\/#primaryimage\"},\"thumbnailUrl\":\"https:\\\/\\\/enabel.lademo.be\\\/app\\\/uploads\\\/2022\\\/06\\\/Rectangle460.jpg\",\"datePublished\":\"2022-06-02T09:33:55+00:00\",\"dateModified\":\"2022-10-19T12:25:55+00:00\",\"description\":\"Suivi des derniers \u00e9v\u00e8nements, actualit\u00e9s et ressources publi\u00e9s par Enabel.\",\"breadcrumb\":{\"@id\":\"https:\\\/\\\/enabel.lademo.be\\\/fr\\\/news-evenements\\\/#breadcrumb\"},\"inLanguage\":\"fr-FR\",\"potentialAction\":[{\"@type\":\"ReadAction\",\"target\":[\"https:\\\/\\\/enabel.lademo.be\\\/fr\\\/news-evenements\\\/\"]}]},{\"@type\":\"ImageObject\",\"inLanguage\":\"fr-FR\",\"@id\":\"https:\\\/\\\/enabel.lademo.be\\\/fr\\\/news-evenements\\\/#primaryimage\",\"url\":\"https:\\\/\\\/enabel.lademo.be\\\/app\\\/uploads\\\/2022\\\/06\\\/Rectangle460.jpg\",\"contentUrl\":\"https:\\\/\\\/enabel.lademo.be\\\/app\\\/uploads\\\/2022\\\/06\\\/Rectangle460.jpg\",\"width\":1358,\"height\":500},{\"@type\":\"BreadcrumbList\",\"@id\":\"https:\\\/\\\/enabel.lademo.be\\\/fr\\\/news-evenements\\\/#breadcrumb\",\"itemListElement\":[{\"@type\":\"ListItem\",\"position\":1,\"name\":\"Home\",\"item\":\"https:\\\/\\\/enabel.lademo.be\\\/fr\\\/\"},{\"@type\":\"ListItem\",\"position\":2,\"name\":\"Actualit\u00e9s &#038; \u00e9v\u00e9nements\"}]},{\"@type\":\"WebSite\",\"@id\":\"https:\\\/\\\/enabel.lademo.be\\\/fr\\\/#website\",\"url\":\"https:\\\/\\\/enabel.lademo.be\\\/fr\\\/\",\"name\":\"Enabel\",\"description\":\"Enabling Change\",\"publisher\":{\"@id\":\"https:\\\/\\\/enabel.lademo.be\\\/fr\\\/#organization\"},\"potentialAction\":[{\"@type\":\"SearchAction\",\"target\":{\"@type\":\"EntryPoint\",\"urlTemplate\":\"https:\\\/\\\/enabel.lademo.be\\\/fr\\\/?s={search_term_string}\"},\"query-input\":{\"@type\":\"PropertyValueSpecification\",\"valueRequired\":true,\"valueName\":\"search_term_string\"}}],\"inLanguage\":\"fr-FR\"},{\"@type\":\"Organization\",\"@id\":\"https:\\\/\\\/enabel.lademo.be\\\/fr\\\/#organization\",\"name\":\"Enabel\",\"url\":\"https:\\\/\\\/enabel.lademo.be\\\/fr\\\/\",\"logo\":{\"@type\":\"ImageObject\",\"inLanguage\":\"fr-FR\",\"@id\":\"https:\\\/\\\/enabel.lademo.be\\\/fr\\\/#\\\/schema\\\/logo\\\/image\\\/\",\"url\":\"https:\\\/\\\/www.enabel.be\\\/app\\\/uploads\\\/2022\\\/06\\\/enabel-logo-color.svg\",\"contentUrl\":\"https:\\\/\\\/www.enabel.be\\\/app\\\/uploads\\\/2022\\\/06\\\/enabel-logo-color.svg\",\"width\":103,\"height\":35,\"caption\":\"Enabel\"},\"image\":{\"@id\":\"https:\\\/\\\/enabel.lademo.be\\\/fr\\\/#\\\/schema\\\/logo\\\/image\\\/\"},\"sameAs\":[\"https:\\\/\\\/www.facebook.com\\\/EnabelBelgium\\\/\",\"https:\\\/\\\/x.com\\\/Enabel_Belgium\",\"https:\\\/\\\/www.instagram.com\\\/enabel_be\\\/\",\"https:\\\/\\\/www.linkedin.com\\\/company\\\/enabel\\\/\",\"https:\\\/\\\/www.youtube.com\\\/channel\\\/UCHGr3iOQ9n2jORzgtkv5FyQ\"]}]}<\/script>\n<!-- \/ Yoast SEO plugin. -->","yoast_head_json":{"title":"Actualit\u00e9s & \u00e9v\u00e9nements - Enabel","description":"Suivi des derniers \u00e9v\u00e8nements, actualit\u00e9s et ressources publi\u00e9s par Enabel.","robots":{"index":"index","follow":"follow","max-snippet":"max-snippet:-1","max-image-preview":"max-image-preview:large","max-video-preview":"max-video-preview:-1"},"canonical":"https:\/\/enabel.lademo.be\/fr\/news-evenements\/","og_locale":"fr_FR","og_type":"article","og_title":"Actualit\u00e9s & \u00e9v\u00e9nements - Enabel","og_description":"Suivi des derniers \u00e9v\u00e8nements, actualit\u00e9s et ressources publi\u00e9s par Enabel.","og_url":"https:\/\/enabel.lademo.be\/fr\/news-evenements\/","og_site_name":"Enabel","article_publisher":"https:\/\/www.facebook.com\/EnabelBelgium\/","article_modified_time":"2022-10-19T12:25:55+00:00","og_image":[{"width":1358,"height":500,"url":"http:\/\/enabel.lademo.be\/app\/uploads\/2022\/06\/Rectangle460.jpg","type":"image\/jpeg"}],"twitter_card":"summary_large_image","twitter_site":"@Enabel_Belgium","schema":{"@context":"https:\/\/schema.org","@graph":[{"@type":"WebPage","@id":"https:\/\/enabel.lademo.be\/fr\/news-evenements\/","url":"https:\/\/enabel.lademo.be\/fr\/news-evenements\/","name":"Actualit\u00e9s & \u00e9v\u00e9nements - Enabel","isPartOf":{"@id":"https:\/\/enabel.lademo.be\/fr\/#website"},"primaryImageOfPage":{"@id":"https:\/\/enabel.lademo.be\/fr\/news-evenements\/#primaryimage"},"image":{"@id":"https:\/\/enabel.lademo.be\/fr\/news-evenements\/#primaryimage"},"thumbnailUrl":"https:\/\/enabel.lademo.be\/app\/uploads\/2022\/06\/Rectangle460.jpg","datePublished":"2022-06-02T09:33:55+00:00","dateModified":"2022-10-19T12:25:55+00:00","description":"Suivi des derniers \u00e9v\u00e8nements, actualit\u00e9s et ressources publi\u00e9s par Enabel.","breadcrumb":{"@id":"https:\/\/enabel.lademo.be\/fr\/news-evenements\/#breadcrumb"},"inLanguage":"fr-FR","potentialAction":[{"@type":"ReadAction","target":["https:\/\/enabel.lademo.be\/fr\/news-evenements\/"]}]},{"@type":"ImageObject","inLanguage":"fr-FR","@id":"https:\/\/enabel.lademo.be\/fr\/news-evenements\/#primaryimage","url":"https:\/\/enabel.lademo.be\/app\/uploads\/2022\/06\/Rectangle460.jpg","contentUrl":"https:\/\/enabel.lademo.be\/app\/uploads\/2022\/06\/Rectangle460.jpg","width":1358,"height":500},{"@type":"BreadcrumbList","@id":"https:\/\/enabel.lademo.be\/fr\/news-evenements\/#breadcrumb","itemListElement":[{"@type":"ListItem","position":1,"name":"Home","item":"https:\/\/enabel.lademo.be\/fr\/"},{"@type":"ListItem","position":2,"name":"Actualit\u00e9s &#038; \u00e9v\u00e9nements"}]},{"@type":"WebSite","@id":"https:\/\/enabel.lademo.be\/fr\/#website","url":"https:\/\/enabel.lademo.be\/fr\/","name":"Enabel","description":"Enabling Change","publisher":{"@id":"https:\/\/enabel.lademo.be\/fr\/#organization"},"potentialAction":[{"@type":"SearchAction","target":{"@type":"EntryPoint","urlTemplate":"https:\/\/enabel.lademo.be\/fr\/?s={search_term_string}"},"query-input":{"@type":"PropertyValueSpecification","valueRequired":true,"valueName":"search_term_string"}}],"inLanguage":"fr-FR"},{"@type":"Organization","@id":"https:\/\/enabel.lademo.be\/fr\/#organization","name":"Enabel","url":"https:\/\/enabel.lademo.be\/fr\/","logo":{"@type":"ImageObject","inLanguage":"fr-FR","@id":"https:\/\/enabel.lademo.be\/fr\/#\/schema\/logo\/image\/","url":"https:\/\/www.enabel.be\/app\/uploads\/2022\/06\/enabel-logo-color.svg","contentUrl":"https:\/\/www.enabel.be\/app\/uploads\/2022\/06\/enabel-logo-color.svg","width":103,"height":35,"caption":"Enabel"},"image":{"@id":"https:\/\/enabel.lademo.be\/fr\/#\/schema\/logo\/image\/"},"sameAs":["https:\/\/www.facebook.com\/EnabelBelgium\/","https:\/\/x.com\/Enabel_Belgium","https:\/\/www.instagram.com\/enabel_be\/","https:\/\/www.linkedin.com\/company\/enabel\/","https:\/\/www.youtube.com\/channel\/UCHGr3iOQ9n2jORzgtkv5FyQ"]}]}},"acf":[],"_links":{"self":[{"href":"https:\/\/enabel.lademo.be\/fr\/wp-json\/wp\/v2\/pages\/4609","targetHints":{"allow":["GET"]}}],"collection":[{"href":"https:\/\/enabel.lademo.be\/fr\/wp-json\/wp\/v2\/pages"}],"about":[{"href":"https:\/\/enabel.lademo.be\/fr\/wp-json\/wp\/v2\/types\/page"}],"author":[{"embeddable":true,"href":"https:\/\/enabel.lademo.be\/fr\/wp-json\/wp\/v2\/users\/3"}],"replies":[{"embeddable":true,"href":"https:\/\/enabel.lademo.be\/fr\/wp-json\/wp\/v2\/comments?post=4609"}],"version-history":[{"count":0,"href":"https:\/\/enabel.lademo.be\/fr\/wp-json\/wp\/v2\/pages\/4609\/revisions"}],"wp:featuredmedia":[{"embeddable":true,"href":"https:\/\/enabel.lademo.be\/fr\/wp-json\/wp\/v2\/media\/931"}],"wp:attachment":[{"href":"https:\/\/enabel.lademo.be\/fr\/wp-json\/wp\/v2\/media?parent=4609"}],"curies":[{"name":"wp","href":"https:\/\/api.w.org\/{rel}","templated":true}]}}